{"id":1011,"date":"2023-08-22T06:55:15","date_gmt":"2023-08-22T06:55:15","guid":{"rendered":"https:\/\/martarodriguez.com.co\/?page_id=1011"},"modified":"2023-08-22T07:11:11","modified_gmt":"2023-08-22T07:11:11","slug":"equipo","status":"publish","type":"page","link":"https:\/\/martarodriguez.com.co\/index.php\/equipo\/","title":{"rendered":"Equipo"},"content":{"rendered":"\t\t<div data-elementor-type=\"wp-page\" data-elementor-id=\"1011\" class=\"elementor elementor-1011\">\n\t\t\t\t\t\t<section class=\"elementor-section elementor-top-section elementor-element elementor-element-496c15a elementor-section-boxed elementor-section-height-default elementor-section-height-default exad-glass-effect-no wpr-particle-no wpr-jarallax-no wpr-parallax-no wpr-sticky-section-no exad-sticky-section-no\" data-id=\"496c15a\" data-element_type=\"section\" id=\"sinopsis\" data-settings=\"{&quot;background_background&quot;:&quot;classic&quot;}\">\n\t\t\t\t\t\t<div class=\"elementor-container elementor-column-gap-default\">\n\t\t\t\t\t<div class=\"elementor-column elementor-col-100 elementor-top-column elementor-element elementor-element-0673bc9 exad-glass-effect-no exad-sticky-section-no\" data-id=\"0673bc9\" data-element_type=\"column\">\n\t\t\t<div class=\"elementor-widget-wrap elementor-element-populated\">\n\t\t\t\t\t\t<div class=\"elementor-element elementor-element-70eef30 exad-sticky-section-no exad-glass-effect-no elementor-widget elementor-widget-heading\" data-id=\"70eef30\" data-element_type=\"widget\" data-widget_type=\"heading.default\">\n\t\t\t\t<div class=\"elementor-widget-container\">\n\t\t\t<style>\/*! elementor - v3.21.0 - 15-04-2024 *\/\n.elementor-heading-title{padding:0;margin:0;line-height:1}.elementor-widget-heading .elementor-heading-title[class*=elementor-size-]>a{color:inherit;font-size:inherit;line-height:inherit}.elementor-widget-heading .elementor-heading-title.elementor-size-small{font-size:15px}.elementor-widget-heading .elementor-heading-title.elementor-size-medium{font-size:19px}.elementor-widget-heading .elementor-heading-title.elementor-size-large{font-size:29px}.elementor-widget-heading .elementor-heading-title.elementor-size-xl{font-size:39px}.elementor-widget-heading .elementor-heading-title.elementor-size-xxl{font-size:59px}<\/style><h2 class=\"elementor-heading-title elementor-size-default\">MARTA RODR\u00cdGUEZ<\/h2>\t\t<\/div>\n\t\t\t\t<\/div>\n\t\t\t\t<section class=\"elementor-section elementor-inner-section elementor-element elementor-element-c280077 elementor-section-boxed elementor-section-height-default elementor-section-height-default exad-glass-effect-no wpr-particle-no wpr-jarallax-no wpr-parallax-no wpr-sticky-section-no exad-sticky-section-no\" data-id=\"c280077\" data-element_type=\"section\">\n\t\t\t\t\t\t<div class=\"elementor-container elementor-column-gap-default\">\n\t\t\t\t\t<div class=\"elementor-column elementor-col-33 elementor-inner-column elementor-element elementor-element-91f6497 exad-glass-effect-no exad-sticky-section-no\" data-id=\"91f6497\" data-element_type=\"column\">\n\t\t\t<div class=\"elementor-widget-wrap elementor-element-populated\">\n\t\t\t\t\t\t<div class=\"elementor-element elementor-element-2057e88 exad-sticky-section-no exad-glass-effect-no elementor-widget elementor-widget-image\" data-id=\"2057e88\" data-element_type=\"widget\" data-widget_type=\"image.default\">\n\t\t\t\t<div class=\"elementor-widget-container\">\n\t\t\t<style>\/*! elementor - v3.21.0 - 15-04-2024 *\/\n.elementor-widget-image{text-align:center}.elementor-widget-image a{display:inline-block}.elementor-widget-image a img[src$=\".svg\"]{width:48px}.elementor-widget-image img{vertical-align:middle;display:inline-block}<\/style>\t\t\t\t\t\t\t\t\t\t<img fetchpriority=\"high\" decoding=\"async\" width=\"400\" height=\"400\" src=\"https:\/\/martarodriguez.com.co\/wp-content\/uploads\/2023\/08\/rsw_400h_400cg_true.png\" class=\"attachment-large size-large wp-image-1016\" alt=\"\" srcset=\"https:\/\/martarodriguez.com.co\/wp-content\/uploads\/2023\/08\/rsw_400h_400cg_true.png 400w, https:\/\/martarodriguez.com.co\/wp-content\/uploads\/2023\/08\/rsw_400h_400cg_true-300x300.png 300w, https:\/\/martarodriguez.com.co\/wp-content\/uploads\/2023\/08\/rsw_400h_400cg_true-150x150.png 150w, https:\/\/martarodriguez.com.co\/wp-content\/uploads\/2023\/08\/rsw_400h_400cg_true-100x100.png 100w\" sizes=\"(max-width: 400px) 100vw, 400px\" \/>\t\t\t\t\t\t\t\t\t\t\t\t\t<\/div>\n\t\t\t\t<\/div>\n\t\t\t\t\t<\/div>\n\t\t<\/div>\n\t\t\t\t<div class=\"elementor-column elementor-col-66 elementor-inner-column elementor-element elementor-element-a152656 exad-glass-effect-no exad-sticky-section-no\" data-id=\"a152656\" data-element_type=\"column\">\n\t\t\t<div class=\"elementor-widget-wrap elementor-element-populated\">\n\t\t\t\t\t\t<div class=\"elementor-element elementor-element-1e9eb1e exad-sticky-section-no exad-glass-effect-no elementor-widget elementor-widget-heading\" data-id=\"1e9eb1e\" data-element_type=\"widget\" data-widget_type=\"heading.default\">\n\t\t\t\t<div class=\"elementor-widget-container\">\n\t\t\t<h2 class=\"elementor-heading-title elementor-size-default\">DIRECTORA<\/h2>\t\t<\/div>\n\t\t\t\t<\/div>\n\t\t\t\t<div class=\"elementor-element elementor-element-4fed85f exad-sticky-section-no exad-glass-effect-no elementor-widget elementor-widget-text-editor\" data-id=\"4fed85f\" data-element_type=\"widget\" data-widget_type=\"text-editor.default\">\n\t\t\t\t<div class=\"elementor-widget-container\">\n\t\t\t<style>\/*! elementor - v3.21.0 - 15-04-2024 *\/\n.elementor-widget-text-editor.elementor-drop-cap-view-stacked .elementor-drop-cap{background-color:#69727d;color:#fff}.elementor-widget-text-editor.elementor-drop-cap-view-framed .elementor-drop-cap{color:#69727d;border:3px solid;background-color:transparent}.elementor-widget-text-editor:not(.elementor-drop-cap-view-default) .elementor-drop-cap{margin-top:8px}.elementor-widget-text-editor:not(.elementor-drop-cap-view-default) .elementor-drop-cap-letter{width:1em;height:1em}.elementor-widget-text-editor .elementor-drop-cap{float:left;text-align:center;line-height:1;font-size:50px}.elementor-widget-text-editor .elementor-drop-cap-letter{display:inline-block}<\/style>\t\t\t\t<p>Marta Rodr\u00edguez nace en la ciudad de Bogot\u00e1 en el a\u00f1o 1933, \u00a0hija menor 5 hijos de una mujer que enviuda justo antes del nacimiento de Marta. En 1951, luego de una infancia marcada por los mundos rurales en Colombia, viaja con su familia a Madrid e inicia estudios en Sociolog\u00eda en la Escuela Le\u00f3n XII, los cuales continua en 1959 en la reci\u00e9n fundada facultad de Sociolog\u00eda de la Universidad Nacional de Colombia. A su retorno conoce al sacerdote Camilo Torres, en ese momento presidente de MUNIPROC (<em class=\"x-el x-el-span c1-1p c1-1q c1-b c1-8k c1-35 c1-22 c1-8l c1-8m\">Movimiento Universitario de Promoci\u00f3n Comunal<\/em>). En el marco de este movimiento, Camilo encomend\u00f3 a Marta ser maestra de una escuela dominical en los suburbios emergentes de Tunjuelito para alfabetizar ni\u00f1os que eran obligados a trabajar en los Chircales. Desde entonces son 57 a\u00f1os de trabajo cinematogr\u00e1fico centrado en la expresi\u00f3n de las luchas populares que han supuesto la creaci\u00f3n de un lenguaje documental que da a la obra de Marta una huella distintiva que la ha posicionado como la documentalista colombiana m\u00e1s reconocida.<\/p>\t\t\t\t\t\t<\/div>\n\t\t\t\t<\/div>\n\t\t\t\t\t<\/div>\n\t\t<\/div>\n\t\t\t\t\t<\/div>\n\t\t<\/section>\n\t\t\t\t\t<\/div>\n\t\t<\/div>\n\t\t\t\t\t<\/div>\n\t\t<\/section>\n\t\t\t\t<section class=\"elementor-section elementor-top-section elementor-element elementor-element-300376e elementor-section-boxed elementor-section-height-default elementor-section-height-default exad-glass-effect-no wpr-particle-no wpr-jarallax-no wpr-parallax-no wpr-sticky-section-no exad-sticky-section-no\" data-id=\"300376e\" data-element_type=\"section\" data-settings=\"{&quot;background_background&quot;:&quot;classic&quot;}\">\n\t\t\t\t\t\t<div class=\"elementor-container elementor-column-gap-default\">\n\t\t\t\t\t<div class=\"elementor-column elementor-col-100 elementor-top-column elementor-element elementor-element-04d6099 exad-glass-effect-no exad-sticky-section-no\" data-id=\"04d6099\" data-element_type=\"column\">\n\t\t\t<div class=\"elementor-widget-wrap elementor-element-populated\">\n\t\t\t\t\t\t<div class=\"elementor-element elementor-element-8f3f277 exad-sticky-section-no exad-glass-effect-no elementor-widget elementor-widget-heading\" data-id=\"8f3f277\" data-element_type=\"widget\" data-widget_type=\"heading.default\">\n\t\t\t\t<div class=\"elementor-widget-container\">\n\t\t\t<h2 class=\"elementor-heading-title elementor-size-default\">FELIPE COLMENARES<\/h2>\t\t<\/div>\n\t\t\t\t<\/div>\n\t\t\t\t<section class=\"elementor-section elementor-inner-section elementor-element elementor-element-bb90ac6 elementor-section-boxed elementor-section-height-default elementor-section-height-default exad-glass-effect-no wpr-particle-no wpr-jarallax-no wpr-parallax-no wpr-sticky-section-no exad-sticky-section-no\" data-id=\"bb90ac6\" data-element_type=\"section\">\n\t\t\t\t\t\t<div class=\"elementor-container elementor-column-gap-default\">\n\t\t\t\t\t<div class=\"elementor-column elementor-col-66 elementor-inner-column elementor-element elementor-element-db8e271 exad-glass-effect-no exad-sticky-section-no\" data-id=\"db8e271\" data-element_type=\"column\">\n\t\t\t<div class=\"elementor-widget-wrap elementor-element-populated\">\n\t\t\t\t\t\t<div class=\"elementor-element elementor-element-45e2882 exad-sticky-section-no exad-glass-effect-no elementor-widget elementor-widget-heading\" data-id=\"45e2882\" data-element_type=\"widget\" data-widget_type=\"heading.default\">\n\t\t\t\t<div class=\"elementor-widget-container\">\n\t\t\t<h2 class=\"elementor-heading-title elementor-size-default\">PRODUCTOR - PRESERVADOR AUDIOVISUAL<\/h2>\t\t<\/div>\n\t\t\t\t<\/div>\n\t\t\t\t<div class=\"elementor-element elementor-element-ef6b30e exad-sticky-section-no exad-glass-effect-no elementor-widget elementor-widget-text-editor\" data-id=\"ef6b30e\" data-element_type=\"widget\" data-widget_type=\"text-editor.default\">\n\t\t\t\t<div class=\"elementor-widget-container\">\n\t\t\t\t\t\t\t<p>Productor y director de cine, Felipe Colmenares estudi\u00f3 direcci\u00f3n y producci\u00f3n de cine en la Universidad Polit\u00e9cnico Grancolombiano de Bogot\u00e1 y Tratamiento y Abordaje est\u00e9tico en cine documental en la Escuela Internacional de Cine y Televisi\u00f3n (EICTV) en San Antonio de los Ba\u00f1os de Cuba. Es archivista y restaurador audiovisual en cine 8mm, 16mm, 35mm y v\u00eddeo magn\u00e9tico. Su trabajo se ha enfocado en la preservaci\u00f3n y difusi\u00f3n de archivos audiovisuales en Colombia con contenidos relevantes para la historia pol\u00edtica del pa\u00eds desde el a\u00f1o 1948 hasta la \u00e9poca actual. Desde el a\u00f1o 2011 trabaja como productor de la pionera del cine documental en Colombia, Marta Rodr\u00edguez, y es el profesional encargado de la gesti\u00f3n de archivos f\u00edlmicos de la Fundaci\u00f3n Cine Documental Investigaci\u00f3n Social. Felipe ha participado como curador y jurado en festivales de cine documental y de pueblos ind\u00edgenas en Latinoam\u00e9rica.<\/p>\t\t\t\t\t\t<\/div>\n\t\t\t\t<\/div>\n\t\t\t\t\t<\/div>\n\t\t<\/div>\n\t\t\t\t<div class=\"elementor-column elementor-col-33 elementor-inner-column elementor-element elementor-element-1d4c1a5 exad-glass-effect-no exad-sticky-section-no\" data-id=\"1d4c1a5\" data-element_type=\"column\">\n\t\t\t<div class=\"elementor-widget-wrap elementor-element-populated\">\n\t\t\t\t\t\t<div class=\"elementor-element elementor-element-d8853cf exad-sticky-section-no exad-glass-effect-no elementor-widget elementor-widget-image\" data-id=\"d8853cf\" data-element_type=\"widget\" data-widget_type=\"image.default\">\n\t\t\t\t<div class=\"elementor-widget-container\">\n\t\t\t\t\t\t\t\t\t\t\t\t\t<img decoding=\"async\" width=\"400\" height=\"400\" src=\"https:\/\/martarodriguez.com.co\/wp-content\/uploads\/2023\/08\/rsw_400h_400cg_true-1-1.png\" class=\"attachment-large size-large wp-image-1023\" alt=\"\" srcset=\"https:\/\/martarodriguez.com.co\/wp-content\/uploads\/2023\/08\/rsw_400h_400cg_true-1-1.png 400w, https:\/\/martarodriguez.com.co\/wp-content\/uploads\/2023\/08\/rsw_400h_400cg_true-1-1-300x300.png 300w, https:\/\/martarodriguez.com.co\/wp-content\/uploads\/2023\/08\/rsw_400h_400cg_true-1-1-150x150.png 150w, https:\/\/martarodriguez.com.co\/wp-content\/uploads\/2023\/08\/rsw_400h_400cg_true-1-1-100x100.png 100w\" sizes=\"(max-width: 400px) 100vw, 400px\" \/>\t\t\t\t\t\t\t\t\t\t\t\t\t<\/div>\n\t\t\t\t<\/div>\n\t\t\t\t\t<\/div>\n\t\t<\/div>\n\t\t\t\t\t<\/div>\n\t\t<\/section>\n\t\t\t\t\t<\/div>\n\t\t<\/div>\n\t\t\t\t\t<\/div>\n\t\t<\/section>\n\t\t\t\t<section class=\"elementor-section elementor-top-section elementor-element elementor-element-941502b elementor-section-boxed elementor-section-height-default elementor-section-height-default exad-glass-effect-no wpr-particle-no wpr-jarallax-no wpr-parallax-no wpr-sticky-section-no exad-sticky-section-no\" data-id=\"941502b\" data-element_type=\"section\" data-settings=\"{&quot;background_background&quot;:&quot;classic&quot;}\">\n\t\t\t\t\t\t<div class=\"elementor-container elementor-column-gap-default\">\n\t\t\t\t\t<div class=\"elementor-column elementor-col-100 elementor-top-column elementor-element elementor-element-bd72455 exad-glass-effect-no exad-sticky-section-no\" data-id=\"bd72455\" data-element_type=\"column\">\n\t\t\t<div class=\"elementor-widget-wrap elementor-element-populated\">\n\t\t\t\t\t\t<div class=\"elementor-element elementor-element-c9b43dc exad-sticky-section-no exad-glass-effect-no elementor-widget elementor-widget-heading\" data-id=\"c9b43dc\" data-element_type=\"widget\" data-widget_type=\"heading.default\">\n\t\t\t\t<div class=\"elementor-widget-container\">\n\t\t\t<h2 class=\"elementor-heading-title elementor-size-default\">FERNANDO RESTREPO<\/h2>\t\t<\/div>\n\t\t\t\t<\/div>\n\t\t\t\t<section class=\"elementor-section elementor-inner-section elementor-element elementor-element-11a942c elementor-section-boxed elementor-section-height-default elementor-section-height-default exad-glass-effect-no wpr-particle-no wpr-jarallax-no wpr-parallax-no wpr-sticky-section-no exad-sticky-section-no\" data-id=\"11a942c\" data-element_type=\"section\">\n\t\t\t\t\t\t<div class=\"elementor-container elementor-column-gap-default\">\n\t\t\t\t\t<div class=\"elementor-column elementor-col-33 elementor-inner-column elementor-element elementor-element-de098b3 exad-glass-effect-no exad-sticky-section-no\" data-id=\"de098b3\" data-element_type=\"column\">\n\t\t\t<div class=\"elementor-widget-wrap elementor-element-populated\">\n\t\t\t\t\t\t<div class=\"elementor-element elementor-element-1b78f47 exad-sticky-section-no exad-glass-effect-no elementor-widget elementor-widget-image\" data-id=\"1b78f47\" data-element_type=\"widget\" data-widget_type=\"image.default\">\n\t\t\t\t<div class=\"elementor-widget-container\">\n\t\t\t\t\t\t\t\t\t\t\t\t\t<img decoding=\"async\" width=\"398\" height=\"400\" src=\"https:\/\/martarodriguez.com.co\/wp-content\/uploads\/2023\/08\/rsw_400h_400cg_true-2.png\" class=\"attachment-large size-large wp-image-1027\" alt=\"\" srcset=\"https:\/\/martarodriguez.com.co\/wp-content\/uploads\/2023\/08\/rsw_400h_400cg_true-2.png 398w, https:\/\/martarodriguez.com.co\/wp-content\/uploads\/2023\/08\/rsw_400h_400cg_true-2-150x150.png 150w, https:\/\/martarodriguez.com.co\/wp-content\/uploads\/2023\/08\/rsw_400h_400cg_true-2-100x100.png 100w\" sizes=\"(max-width: 398px) 100vw, 398px\" \/>\t\t\t\t\t\t\t\t\t\t\t\t\t<\/div>\n\t\t\t\t<\/div>\n\t\t\t\t\t<\/div>\n\t\t<\/div>\n\t\t\t\t<div class=\"elementor-column elementor-col-66 elementor-inner-column elementor-element elementor-element-1ff5158 exad-glass-effect-no exad-sticky-section-no\" data-id=\"1ff5158\" data-element_type=\"column\">\n\t\t\t<div class=\"elementor-widget-wrap elementor-element-populated\">\n\t\t\t\t\t\t<div class=\"elementor-element elementor-element-be73ef6 exad-sticky-section-no exad-glass-effect-no elementor-widget elementor-widget-heading\" data-id=\"be73ef6\" data-element_type=\"widget\" data-widget_type=\"heading.default\">\n\t\t\t\t<div class=\"elementor-widget-container\">\n\t\t\t<h2 class=\"elementor-heading-title elementor-size-default\">CO-DIRECTOR - C\u00c1MARA - MONTAJISTA<\/h2>\t\t<\/div>\n\t\t\t\t<\/div>\n\t\t\t\t<div class=\"elementor-element elementor-element-ff96aeb exad-sticky-section-no exad-glass-effect-no elementor-widget elementor-widget-text-editor\" data-id=\"ff96aeb\" data-element_type=\"widget\" data-widget_type=\"text-editor.default\">\n\t\t\t\t<div class=\"elementor-widget-container\">\n\t\t\t\t\t\t\t<p>Director, fot\u00f3grafo y montajista independiente desde 1998. Fernando ha compartido gran parte de su trabajo con la cineasta Marta Rodr\u00edguez, considerada como una de las documentalistas m\u00e1s influyentes en Latinoam\u00e9rica. Juntos han colaborado en pel\u00edculas como\u00a0<em class=\"x-el x-el-span c1-1p c1-1q c1-b c1-8k c1-35 c1-22 c1-8l c1-8m\">La trilog\u00eda de Urab\u00e1<\/em>,\u00a0<em class=\"x-el x-el-span c1-1p c1-1q c1-b c1-8k c1-35 c1-22 c1-8l c1-8m\">La sinf\u00f3nica de los Andes<\/em>\u00a0y\u00a0<em class=\"x-el x-el-span c1-1p c1-1q c1-b c1-8k c1-35 c1-22 c1-8l c1-8m\">Camilo Torres Restrepo, el amor eficaz<\/em>. De este \u00faltimo documental es codirector, guionista, y montajista y gan\u00f3 el Latinamerika i Fokus Suecia y Premio al Mejor Documental del Festival Internacional de Cine de Santander \u2013 SANFICCI.<\/p><p>De manera independiente ha realizado trabajos como\u00a0<em class=\"x-el x-el-span c1-1p c1-1q c1-b c1-8k c1-35 c1-22 c1-8l c1-8m\">El esp\u00edritu de la canoa<\/em>, el cual participo\u0301 en la edici\u00f3n 10 de la Muestra Internacional de Bogot\u00e1- MIDBO. Tambi\u00e9n realiz\u00f3\u00a0<em class=\"x-el x-el-span c1-1p c1-1q c1-b c1-8k c1-35 c1-22 c1-8l c1-8m\">Transgresi\u00f3n<\/em>\u00a0como resultado de una relaci\u00f3n de 15 a\u00f1os de amistad y realizaci\u00f3n audiovisual entre el autor y Marta Rodr\u00edguez. Este documental se presento\u0301 en escenarios como el Museo de Arte Moderno de Medell\u00edn \u2013 MAMM y obtuvo el Premio a Mejor Documental en el Festival Alucine de Toronto, Canad\u00e1. Por su parte, el documental\u00a0<em class=\"x-el x-el-span c1-1p c1-1q c1-b c1-8k c1-35 c1-22 c1-8l c1-8m\">Una casa sola se vence<\/em>\u00a0(2005) y\u00a0<em class=\"x-el x-el-span c1-1p c1-1q c1-b c1-8k c1-35 c1-22 c1-8l c1-8m\">Los calabazos del sol<\/em>\u00a0(2002) ganan una Menci\u00f3n de Honor en el Festival Regional de Imagen de Caracas.<\/p><p>Fernando fue tambi\u00e9n fot\u00f3grafo y montajista de los documentales\u00a0<em class=\"x-el x-el-span c1-1p c1-1q c1-b c1-8k c1-35 c1-22 c1-8l c1-8m\">Guardianes territoriales: fuerza, voluntad y valent\u00eda<\/em>(2022) e\u00a0<em class=\"x-el x-el-span c1-1p c1-1q c1-b c1-8k c1-35 c1-22 c1-8l c1-8m\">Hilar, trenzar, tejer, es cuidar la vida<\/em>\u00a0(2022);\u00a0<em class=\"x-el x-el-span c1-1p c1-1q c1-b c1-8k c1-35 c1-22 c1-8l c1-8m\">La sinf\u00f3nica de los Andes<\/em>\u00a0(2018), y fot\u00f3grafo y asesor de montaje de\u00a0<em class=\"x-el x-el-span c1-1p c1-1q c1-b c1-8k c1-35 c1-22 c1-8l c1-8m\">La toma del milenio<\/em>\u00a0(2015) el cual obtiene el premio a realizaci\u00f3n de Documental de Archivo del Ministerio de Cultura y Patrimonio que se Desplaza \u2013 IPAC. Tambi\u00e9n fue codirector y editor de\u00a0<em class=\"x-el x-el-span c1-1p c1-1q c1-b c1-8k c1-35 c1-22 c1-8l c1-8m\">No hay dolor ajeno\u00a0<\/em>(2012); asesor de investigaci\u00f3n, editor y fot\u00f3grafo de\u00a0<em class=\"x-el x-el-span c1-1p c1-1q c1-b c1-8k c1-35 c1-22 c1-8l c1-8m\">Barro y alfareros\u00a0<\/em>(2012); asesor, editor y fot\u00f3grafo de\u00a0<em class=\"x-el x-el-span c1-1p c1-1q c1-b c1-8k c1-35 c1-22 c1-8l c1-8m\">Testigos de un etnocidio, memorias de resistencia\u00a0<\/em>(2010). Este \u00faltimo obtuvo el premio a mejor pel\u00edcula, entregado por unanimidad por el jurado del Festival de Cine Andino y Premio de la opini\u00f3n a Mejor Documental de Tema Ind\u00edgena en el VI Festival de Cine Documental de Caracas, Venezuela.\u00a0<\/p><p>Fernando Restrepo trabajo\u0301 como director, fot\u00f3grafo y editor en\u00a0<em class=\"x-el x-el-span c1-1p c1-1q c1-b c1-8k c1-35 c1-22 c1-8l c1-8m\">Llevo un domicilio a Santander\u00a0<\/em>(2007);\u00a0<em class=\"x-el x-el-span c1-1p c1-1q c1-b c1-8k c1-35 c1-22 c1-8l c1-8m\">La hoja sagrada<\/em>(2002),\u00a0<em class=\"x-el x-el-span c1-1p c1-1q c1-b c1-8k c1-35 c1-22 c1-8l c1-8m\">El ultimo de los verdes<\/em>\u00a0(2005),\u00a0<em class=\"x-el x-el-span c1-1p c1-1q c1-b c1-8k c1-35 c1-22 c1-8l c1-8m\">II Expedici\u00f3n por el \u00e9xodo y el desplazamiento<\/em>\u00a0(2003). Sus trabajos han estado siempre ligados a las comunidades y la preservaci\u00f3n de las cultural \u00e9tnicas. Ha pertenecido a colectivos interdisciplinarios con el objetivo de contribuir al reconocimiento, respeto y ejercicio de la dignidad de los pueblos ind\u00edgenas, campesinos y afrocolombianos. En la actualidad sigue desarrollando varios proyectos que siguen esta misma l\u00ednea social.\u00a0<\/p>\t\t\t\t\t\t<\/div>\n\t\t\t\t<\/div>\n\t\t\t\t\t<\/div>\n\t\t<\/div>\n\t\t\t\t\t<\/div>\n\t\t<\/section>\n\t\t\t\t\t<\/div>\n\t\t<\/div>\n\t\t\t\t\t<\/div>\n\t\t<\/section>\n\t\t\t\t<section class=\"elementor-section elementor-top-section elementor-element elementor-element-431bec8 elementor-section-boxed elementor-section-height-default elementor-section-height-default exad-glass-effect-no wpr-particle-no wpr-jarallax-no wpr-parallax-no wpr-sticky-section-no exad-sticky-section-no\" data-id=\"431bec8\" data-element_type=\"section\" data-settings=\"{&quot;background_background&quot;:&quot;classic&quot;}\">\n\t\t\t\t\t\t<div class=\"elementor-container elementor-column-gap-default\">\n\t\t\t\t\t<div class=\"elementor-column elementor-col-100 elementor-top-column elementor-element elementor-element-4729a69 exad-glass-effect-no exad-sticky-section-no\" data-id=\"4729a69\" data-element_type=\"column\">\n\t\t\t<div class=\"elementor-widget-wrap elementor-element-populated\">\n\t\t\t\t\t\t<div class=\"elementor-element elementor-element-39ed547 exad-sticky-section-no exad-glass-effect-no elementor-widget elementor-widget-heading\" data-id=\"39ed547\" data-element_type=\"widget\" data-widget_type=\"heading.default\">\n\t\t\t\t<div class=\"elementor-widget-container\">\n\t\t\t<h2 class=\"elementor-heading-title elementor-size-default\">LUCAS SILVA<\/h2>\t\t<\/div>\n\t\t\t\t<\/div>\n\t\t\t\t<section class=\"elementor-section elementor-inner-section elementor-element elementor-element-e76f2f3 elementor-section-boxed elementor-section-height-default elementor-section-height-default exad-glass-effect-no wpr-particle-no wpr-jarallax-no wpr-parallax-no wpr-sticky-section-no exad-sticky-section-no\" data-id=\"e76f2f3\" data-element_type=\"section\">\n\t\t\t\t\t\t<div class=\"elementor-container elementor-column-gap-default\">\n\t\t\t\t\t<div class=\"elementor-column elementor-col-66 elementor-inner-column elementor-element elementor-element-ccfd770 exad-glass-effect-no exad-sticky-section-no\" data-id=\"ccfd770\" data-element_type=\"column\">\n\t\t\t<div class=\"elementor-widget-wrap elementor-element-populated\">\n\t\t\t\t\t\t<div class=\"elementor-element elementor-element-71baa75 exad-sticky-section-no exad-glass-effect-no elementor-widget elementor-widget-heading\" data-id=\"71baa75\" data-element_type=\"widget\" data-widget_type=\"heading.default\">\n\t\t\t\t<div class=\"elementor-widget-container\">\n\t\t\t<h2 class=\"elementor-heading-title elementor-size-default\">PRODUCTOR<\/h2>\t\t<\/div>\n\t\t\t\t<\/div>\n\t\t\t\t<div class=\"elementor-element elementor-element-2ae0cf2 exad-sticky-section-no exad-glass-effect-no elementor-widget elementor-widget-text-editor\" data-id=\"2ae0cf2\" data-element_type=\"widget\" data-widget_type=\"text-editor.default\">\n\t\t\t\t<div class=\"elementor-widget-container\">\n\t\t\t\t\t\t\t<p>Realizador audiovisual y guionista, Lucas Silva tambi\u00e9n es productor musical y fundador del sello Palenque Records. La mayor parte de su trabajo est\u00e1 dedicado a la valoraci\u00f3n de la cultura afro-colombiana y la herencia africana en Am\u00e9rica. Ha realizado una decena de documentales; entre ellos la trilog\u00eda que realiza con Marta Rodr\u00edguez:\u00a0<em class=\"x-el x-el-span c1-1p c1-1q c1-b c1-8k c1-35 c1-22 c1-8l c1-8m\">Amapola, la flor maldita\u00a0<\/em>(1999),\u00a0<em class=\"x-el x-el-span c1-1p c1-1q c1-b c1-8k c1-35 c1-22 c1-8l c1-8m\">Los hijos del trueno<\/em>\u00a0(2001)\u00a0<em class=\"x-el x-el-span c1-1p c1-1q c1-b c1-8k c1-35 c1-22 c1-8l c1-8m\">La hoja sagrada\u00a0<\/em>(2002)<em class=\"x-el x-el-span c1-1p c1-1q c1-b c1-8k c1-35 c1-22 c1-8l c1-8m\">. Los hijos del trueno\u00a0<\/em>es un documental sobre las leyendas vivas de la m\u00fasica afro- colombiana que gana una menci\u00f3n honorable del jurado en el festival Bilan of the Ethnographic Movies\u2013 Premio Bartok (Museo del Hombre, Paris, 2001).\u00a0<\/p><p>Como realizador independiente realiza\u00a0<em class=\"x-el x-el-span c1-1p c1-1q c1-b c1-8k c1-35 c1-22 c1-8l c1-8m\">Los Reyes Criollos de la Champeta<\/em>\u00a0(1998) en coproducci\u00f3n Colombo-Francesa. En el a\u00f1o 2000, realiza\u00a0<em class=\"x-el x-el-span c1-1p c1-1q c1-b c1-8k c1-35 c1-22 c1-8l c1-8m\">Los Hijos de Benkos<\/em>\u00a0(Les Films du Village- Rfo-Mezzo). En el a\u00f1o 2011 realiza el documental\u00a0<em class=\"x-el x-el-span c1-1p c1-1q c1-b c1-8k c1-35 c1-22 c1-8l c1-8m\">Alabaos, gualies y tumbas<\/em>\u00a0en la costa pacifica colombiana sobre los cantos f\u00fanebres y los rituales de la muerte en las comunidades afrocolombianas. En 2019 realiza el corto documental\u00a0<em class=\"x-el x-el-span c1-1p c1-1q c1-b c1-8k c1-35 c1-22 c1-8l c1-8m\">Urab\u00e1: dancehall a prueba de balas<\/em>\u00a0(26 min) producido por Pacifista. Este mismo a\u00f1o, Lucas Silva termina su primer cortometraje ficci\u00f3n\u00a0<em class=\"x-el x-el-span c1-1p c1-1q c1-b c1-8k c1-35 c1-22 c1-8l c1-8m\">Divinas melod\u00edas<\/em>\u00a0que tuvo selecci\u00f3n oficial del Festival Internacional de Cartagena de Indias- FICCI, 2019. Este corto fue Premio del Publico en el Panorama de Cine Colombiano en Paris (2019).<\/p><p>En el 2020 termina el documental\u00a0<em class=\"x-el x-el-span c1-1p c1-1q c1-b c1-8k c1-35 c1-22 c1-8l c1-8m\">Rapsodia negra \u2013 un retrato de Alfonso C\u00f3rdoba,\u00a0<\/em>\u201cel brujo\u201d, considerado el \u201cLeonardo Da Vinci Afro-colombiano\u201d, sobre el celebre m\u00fasico chocoano que se convierte en leyenda de la m\u00fasica del pac\u00edfico. Este documental fue selecci\u00f3n oficial del FICCI, Festival Internacional de Cine de Cartagena 2020 y obtuvo el premio a mejor documental en el Quibd\u00f3 \u00c1frica Festival (Congo, 2021).<\/p><p>En 2022, Lucas Silva lanz\u00f3 el documental\u00a0<em class=\"x-el x-el-span c1-1p c1-1q c1-b c1-8k c1-35 c1-22 c1-8l c1-8m\">Chi ma nkongo<\/em>,\u00a0<em class=\"x-el x-el-span c1-1p c1-1q c1-b c1-8k c1-35 c1-22 c1-8l c1-8m\">Memorias de un pueblo Cimarr\u00f3n<\/em>\u00a0(Selecci\u00f3n oficial FICCI 2022). Este film obtuvo Menci\u00f3n Especial del Jurado en el Festival Latinoamericano de Cine de Lenguas Originarias (Per\u00fa). Este mismo a\u00f1o se lanzael corto documental\u00a0<em class=\"x-el x-el-span c1-1p c1-1q c1-b c1-8k c1-35 c1-22 c1-8l c1-8m\">El duende<\/em>\u00a0realizado junto a Sim\u00f3n Mej\u00eda y Sim\u00f3n Hern\u00e1ndez. Actualmente, Lucas prepara los proyectos de largo ficci\u00f3n\u00a0<em class=\"x-el x-el-span c1-1p c1-1q c1-b c1-8k c1-35 c1-22 c1-8l c1-8m\">Sabata, Nefertiti<\/em>\u00a0y\u00a0<em class=\"x-el x-el-span c1-1p c1-1q c1-b c1-8k c1-35 c1-22 c1-8l c1-8m\">el Poder del Alacr\u00e1n<\/em>.\u00a0<\/p>\t\t\t\t\t\t<\/div>\n\t\t\t\t<\/div>\n\t\t\t\t\t<\/div>\n\t\t<\/div>\n\t\t\t\t<div class=\"elementor-column elementor-col-33 elementor-inner-column elementor-element elementor-element-5f55030 exad-glass-effect-no exad-sticky-section-no\" data-id=\"5f55030\" data-element_type=\"column\">\n\t\t\t<div class=\"elementor-widget-wrap elementor-element-populated\">\n\t\t\t\t\t\t<div class=\"elementor-element elementor-element-10f4ab5 exad-sticky-section-no exad-glass-effect-no elementor-widget elementor-widget-image\" data-id=\"10f4ab5\" data-element_type=\"widget\" data-widget_type=\"image.default\">\n\t\t\t\t<div class=\"elementor-widget-container\">\n\t\t\t\t\t\t\t\t\t\t\t\t\t<img loading=\"lazy\" decoding=\"async\" width=\"400\" height=\"400\" src=\"https:\/\/martarodriguez.com.co\/wp-content\/uploads\/2023\/08\/crw_400h_400.png\" class=\"attachment-large size-large wp-image-1031\" alt=\"\" srcset=\"https:\/\/martarodriguez.com.co\/wp-content\/uploads\/2023\/08\/crw_400h_400.png 400w, https:\/\/martarodriguez.com.co\/wp-content\/uploads\/2023\/08\/crw_400h_400-300x300.png 300w, https:\/\/martarodriguez.com.co\/wp-content\/uploads\/2023\/08\/crw_400h_400-150x150.png 150w, https:\/\/martarodriguez.com.co\/wp-content\/uploads\/2023\/08\/crw_400h_400-100x100.png 100w\" sizes=\"(max-width: 400px) 100vw, 400px\" \/>\t\t\t\t\t\t\t\t\t\t\t\t\t<\/div>\n\t\t\t\t<\/div>\n\t\t\t\t\t<\/div>\n\t\t<\/div>\n\t\t\t\t\t<\/div>\n\t\t<\/section>\n\t\t\t\t\t<\/div>\n\t\t<\/div>\n\t\t\t\t\t<\/div>\n\t\t<\/section>\n\t\t\t\t<section class=\"elementor-section elementor-top-section elementor-element elementor-element-27eda9f elementor-section-boxed elementor-section-height-default elementor-section-height-default exad-glass-effect-no wpr-particle-no wpr-jarallax-no wpr-parallax-no wpr-sticky-section-no exad-sticky-section-no\" data-id=\"27eda9f\" data-element_type=\"section\" data-settings=\"{&quot;background_background&quot;:&quot;classic&quot;}\">\n\t\t\t\t\t\t<div class=\"elementor-container elementor-column-gap-default\">\n\t\t\t\t\t<div class=\"elementor-column elementor-col-100 elementor-top-column elementor-element elementor-element-be7a7fb exad-glass-effect-no exad-sticky-section-no\" data-id=\"be7a7fb\" data-element_type=\"column\">\n\t\t\t<div class=\"elementor-widget-wrap elementor-element-populated\">\n\t\t\t\t\t\t<div class=\"elementor-element elementor-element-56fc559 exad-sticky-section-no exad-glass-effect-no elementor-widget elementor-widget-heading\" data-id=\"56fc559\" data-element_type=\"widget\" data-widget_type=\"heading.default\">\n\t\t\t\t<div class=\"elementor-widget-container\">\n\t\t\t<h2 class=\"elementor-heading-title elementor-size-default\">SUSANA RESTREPO D\u00cdAZ<\/h2>\t\t<\/div>\n\t\t\t\t<\/div>\n\t\t\t\t<section class=\"elementor-section elementor-inner-section elementor-element elementor-element-be30aea elementor-section-boxed elementor-section-height-default elementor-section-height-default exad-glass-effect-no wpr-particle-no wpr-jarallax-no wpr-parallax-no wpr-sticky-section-no exad-sticky-section-no\" data-id=\"be30aea\" data-element_type=\"section\">\n\t\t\t\t\t\t<div class=\"elementor-container elementor-column-gap-default\">\n\t\t\t\t\t<div class=\"elementor-column elementor-col-33 elementor-inner-column elementor-element elementor-element-d958dff exad-glass-effect-no exad-sticky-section-no\" data-id=\"d958dff\" data-element_type=\"column\">\n\t\t\t<div class=\"elementor-widget-wrap elementor-element-populated\">\n\t\t\t\t\t\t<div class=\"elementor-element elementor-element-6ac96cb exad-sticky-section-no exad-glass-effect-no elementor-widget elementor-widget-image\" data-id=\"6ac96cb\" data-element_type=\"widget\" data-widget_type=\"image.default\">\n\t\t\t\t<div class=\"elementor-widget-container\">\n\t\t\t\t\t\t\t\t\t\t\t\t\t<img loading=\"lazy\" decoding=\"async\" width=\"400\" height=\"400\" src=\"https:\/\/martarodriguez.com.co\/wp-content\/uploads\/2023\/08\/rsw_400h_400cg_true-3.png\" class=\"attachment-large size-large wp-image-1035\" alt=\"\" srcset=\"https:\/\/martarodriguez.com.co\/wp-content\/uploads\/2023\/08\/rsw_400h_400cg_true-3.png 400w, https:\/\/martarodriguez.com.co\/wp-content\/uploads\/2023\/08\/rsw_400h_400cg_true-3-300x300.png 300w, https:\/\/martarodriguez.com.co\/wp-content\/uploads\/2023\/08\/rsw_400h_400cg_true-3-150x150.png 150w, https:\/\/martarodriguez.com.co\/wp-content\/uploads\/2023\/08\/rsw_400h_400cg_true-3-100x100.png 100w\" sizes=\"(max-width: 400px) 100vw, 400px\" \/>\t\t\t\t\t\t\t\t\t\t\t\t\t<\/div>\n\t\t\t\t<\/div>\n\t\t\t\t\t<\/div>\n\t\t<\/div>\n\t\t\t\t<div class=\"elementor-column elementor-col-66 elementor-inner-column elementor-element elementor-element-04d77bd exad-glass-effect-no exad-sticky-section-no\" data-id=\"04d77bd\" data-element_type=\"column\">\n\t\t\t<div class=\"elementor-widget-wrap elementor-element-populated\">\n\t\t\t\t\t\t<div class=\"elementor-element elementor-element-cc7362e exad-sticky-section-no exad-glass-effect-no elementor-widget elementor-widget-heading\" data-id=\"cc7362e\" data-element_type=\"widget\" data-widget_type=\"heading.default\">\n\t\t\t\t<div class=\"elementor-widget-container\">\n\t\t\t<h2 class=\"elementor-heading-title elementor-size-default\">CO-GUIONISTA Y ASISTENTE DE INVESTIGACI\u00d3N<\/h2>\t\t<\/div>\n\t\t\t\t<\/div>\n\t\t\t\t<div class=\"elementor-element elementor-element-ef831a4 exad-sticky-section-no exad-glass-effect-no elementor-widget elementor-widget-text-editor\" data-id=\"ef831a4\" data-element_type=\"widget\" data-widget_type=\"text-editor.default\">\n\t\t\t\t<div class=\"elementor-widget-container\">\n\t\t\t\t\t\t\t<p>Soci\u00f3loga, artista y mag\u00edster en Historia del Arte, Susana se desempe\u00f1a como co-guionista y asistente de investigaci\u00f3n en la Fundaci\u00f3n Cine Documental Investigaci\u00f3n Social desde el a\u00f1o 2015. Desde las ciencias humanas, se ha enfocado en el estudio cultural de las diversas poblaciones \u00e9tnicas y campesinas, as\u00ed como en la democracia ambiental en Colombia. M\u00e1s, sus investigaciones en arte han estado centradas especialmente en la relaci\u00f3n entre arte y ciencia durante el Renacimiento Global y el Siglo de Oro holand\u00e9s.\u00a0<\/p><p>Susana es diplomada en Gesti\u00f3n de Patrimonio Audiovisual y especialista en consecuci\u00f3n de recursos para razones culturales. Ha apoyado los procesos de preservaci\u00f3n de los acervos hist\u00f3ricos que existen detr\u00e1s de cada pel\u00edcula de Marta Rodr\u00edguez y Jorge Silva. Asimismo, ha investigado y escrito los proyectos cinematogr\u00e1ficos para\u00a0<em class=\"x-el x-el-span c1-1p c1-1q c1-b c1-8k c1-35 c1-22 c1-8l c1-8m\">Camilo, el amor eficaz,<\/em>\u00a0<em class=\"x-el x-el-span c1-1p c1-1q c1-b c1-8k c1-35 c1-22 c1-8l c1-8m\">El Valor de la Palabra<\/em>,\u00a0<em class=\"x-el x-el-span c1-1p c1-1q c1-b c1-8k c1-35 c1-22 c1-8l c1-8m\">La Sociedad somos nosotros<\/em>\u00a0y\u00a0<em class=\"x-el x-el-span c1-1p c1-1q c1-b c1-8k c1-35 c1-22 c1-8l c1-8m\">Diarios de una documentalista<\/em>. Actualmente Susana es docente de historia del arte de la Facultad de Dise\u00f1o y Arquitectura de la Universidad de los Andes y apoya los programas educativos del Museo Nacional de Colombia. Entre sus trabajos se pueden mencionar el libro\u00a0<em class=\"x-el x-el-span c1-1p c1-1q c1-b c1-8k c1-35 c1-22 c1-8l c1-8m\">Subjetividades pol\u00edticas desde la representaci\u00f3n: fotograf\u00eda documental del campesinado en Colombia\u00a0<\/em>(2019)<em class=\"x-el x-el-span c1-1p c1-1q c1-b c1-8k c1-35 c1-22 c1-8l c1-8m\">,\u00a0<\/em>la investigaci\u00f3n de<em class=\"x-el x-el-span c1-1p c1-1q c1-b c1-8k c1-35 c1-22 c1-8l c1-8m\">\u00a0Los Signos vitales de Sandra Llano Mej\u00eda\u00a0<\/em>(2021)<em class=\"x-el x-el-span c1-1p c1-1q c1-b c1-8k c1-35 c1-22 c1-8l c1-8m\">,\u00a0<\/em>la muestra de\u00a0<em class=\"x-el x-el-span c1-1p c1-1q c1-b c1-8k c1-35 c1-22 c1-8l c1-8m\">Mediaciones cr\u00edticas\u00a0<\/em>en la exposici\u00f3n\u00a0<em class=\"x-el x-el-span c1-1p c1-1q c1-b c1-8k c1-35 c1-22 c1-8l c1-8m\">Mar de Leva\u00a0<\/em>(2020) y la obra comisionada\u00a0<em class=\"x-el x-el-span c1-1p c1-1q c1-b c1-8k c1-35 c1-22 c1-8l c1-8m\">Fact-Icon\u00a0<\/em>por el Council on Latin American &amp; Iberian Studies de Yale MacMillan Center (2022), entre otros proyectos.\u00a0<\/p>\t\t\t\t\t\t<\/div>\n\t\t\t\t<\/div>\n\t\t\t\t\t<\/div>\n\t\t<\/div>\n\t\t\t\t\t<\/div>\n\t\t<\/section>\n\t\t\t\t\t<\/div>\n\t\t<\/div>\n\t\t\t\t\t<\/div>\n\t\t<\/section>\n\t\t\t\t<section class=\"elementor-section elementor-top-section elementor-element elementor-element-451d8a7 elementor-section-boxed elementor-section-height-default elementor-section-height-default exad-glass-effect-no wpr-particle-no wpr-jarallax-no wpr-parallax-no wpr-sticky-section-no exad-sticky-section-no\" data-id=\"451d8a7\" data-element_type=\"section\" data-settings=\"{&quot;background_background&quot;:&quot;classic&quot;}\">\n\t\t\t\t\t\t<div class=\"elementor-container elementor-column-gap-default\">\n\t\t\t\t\t<div class=\"elementor-column elementor-col-100 elementor-top-column elementor-element elementor-element-0a12df5 exad-glass-effect-no exad-sticky-section-no\" data-id=\"0a12df5\" data-element_type=\"column\">\n\t\t\t<div class=\"elementor-widget-wrap elementor-element-populated\">\n\t\t\t\t\t\t<div class=\"elementor-element elementor-element-4237f61 exad-sticky-section-no exad-glass-effect-no elementor-widget elementor-widget-heading\" data-id=\"4237f61\" data-element_type=\"widget\" data-widget_type=\"heading.default\">\n\t\t\t\t<div class=\"elementor-widget-container\">\n\t\t\t<h2 class=\"elementor-heading-title elementor-size-default\">MAR\u00cdA GABRIELA TORRES BORDA<\/h2>\t\t<\/div>\n\t\t\t\t<\/div>\n\t\t\t\t<section class=\"elementor-section elementor-inner-section elementor-element elementor-element-56999c3 elementor-section-boxed elementor-section-height-default elementor-section-height-default exad-glass-effect-no wpr-particle-no wpr-jarallax-no wpr-parallax-no wpr-sticky-section-no exad-sticky-section-no\" data-id=\"56999c3\" data-element_type=\"section\">\n\t\t\t\t\t\t<div class=\"elementor-container elementor-column-gap-default\">\n\t\t\t\t\t<div class=\"elementor-column elementor-col-66 elementor-inner-column elementor-element elementor-element-b1b11f4 exad-glass-effect-no exad-sticky-section-no\" data-id=\"b1b11f4\" data-element_type=\"column\">\n\t\t\t<div class=\"elementor-widget-wrap elementor-element-populated\">\n\t\t\t\t\t\t<div class=\"elementor-element elementor-element-b2a60ea exad-sticky-section-no exad-glass-effect-no elementor-widget elementor-widget-heading\" data-id=\"b2a60ea\" data-element_type=\"widget\" data-widget_type=\"heading.default\">\n\t\t\t\t<div class=\"elementor-widget-container\">\n\t\t\t<h2 class=\"elementor-heading-title elementor-size-default\">COMUNICACIONES Y ASISTENTE DE PRODUCCI\u00d3N Y DISTRIBUCI\u00d3N<\/h2>\t\t<\/div>\n\t\t\t\t<\/div>\n\t\t\t\t<div class=\"elementor-element elementor-element-af04815 exad-sticky-section-no exad-glass-effect-no elementor-widget elementor-widget-text-editor\" data-id=\"af04815\" data-element_type=\"widget\" data-widget_type=\"text-editor.default\">\n\t\t\t\t<div class=\"elementor-widget-container\">\n\t\t\t\t\t\t\t<p>Documentalista franco-colombiana radicada en Bogota, Gabriela centra su trabajo principalmente en la reflexi\u00f3n sobre las luchas sociales, el feminismo y la ecolog\u00eda. Tiene t\u00edtulo en letras modernas aplicadas de la universidad de la Sorbona y en la escuela de cine ESEC PARIS. Antes de dedicarse plenamente al cine documental, trabaj\u00f3 en Francia como asistente de direcci\u00f3n y dise\u00f1adora de vestuario. Su inter\u00e9s en la relaci\u00f3n entre sociolog\u00eda y cine la llev\u00f3 a integrar el m\u00e1ster Imagen y Sociedad en la Universidad Paris Saclay, durante el cual realiz\u00f3 dos cortometrajes\u00a0<em class=\"x-el x-el-span c1-1p c1-1q c1-b c1-8k c1-35 c1-22 c1-8l c1-8m\">Au moment de l&#8217;\u00e9lan<\/em>\u00a0(20mn) y\u00a0<em class=\"x-el x-el-span c1-1p c1-1q c1-b c1-8k c1-35 c1-22 c1-8l c1-8m\">Coller, Col\u00e8re<\/em>\u00a0(12mn) sobre el movimiento feminista franc\u00e9s &#8220;Collage F\u00e9minicides Paris&#8221;. Tambi\u00e9n se ha dedicado a la promoci\u00f3n y difusi\u00f3n del trabajo de las mujeres en el \u00e1mbito de la cultura, en particular con la asociaci\u00f3n FEMMES ET CIN\u00c9MA.\u00a0<\/p>\t\t\t\t\t\t<\/div>\n\t\t\t\t<\/div>\n\t\t\t\t\t<\/div>\n\t\t<\/div>\n\t\t\t\t<div class=\"elementor-column elementor-col-33 elementor-inner-column elementor-element elementor-element-06a7fc3 exad-glass-effect-no exad-sticky-section-no\" data-id=\"06a7fc3\" data-element_type=\"column\">\n\t\t\t<div class=\"elementor-widget-wrap elementor-element-populated\">\n\t\t\t\t\t\t<div class=\"elementor-element elementor-element-671ed59 exad-sticky-section-no exad-glass-effect-no elementor-widget elementor-widget-image\" data-id=\"671ed59\" data-element_type=\"widget\" data-widget_type=\"image.default\">\n\t\t\t\t<div class=\"elementor-widget-container\">\n\t\t\t\t\t\t\t\t\t\t\t\t\t<img loading=\"lazy\" decoding=\"async\" width=\"400\" height=\"400\" src=\"https:\/\/martarodriguez.com.co\/wp-content\/uploads\/2023\/08\/rsw_400h_400cg_true-4.png\" class=\"attachment-large size-large wp-image-1039\" alt=\"\" srcset=\"https:\/\/martarodriguez.com.co\/wp-content\/uploads\/2023\/08\/rsw_400h_400cg_true-4.png 400w, https:\/\/martarodriguez.com.co\/wp-content\/uploads\/2023\/08\/rsw_400h_400cg_true-4-300x300.png 300w, https:\/\/martarodriguez.com.co\/wp-content\/uploads\/2023\/08\/rsw_400h_400cg_true-4-150x150.png 150w, https:\/\/martarodriguez.com.co\/wp-content\/uploads\/2023\/08\/rsw_400h_400cg_true-4-100x100.png 100w\" sizes=\"(max-width: 400px) 100vw, 400px\" \/>\t\t\t\t\t\t\t\t\t\t\t\t\t<\/div>\n\t\t\t\t<\/div>\n\t\t\t\t\t<\/div>\n\t\t<\/div>\n\t\t\t\t\t<\/div>\n\t\t<\/section>\n\t\t\t\t\t<\/div>\n\t\t<\/div>\n\t\t\t\t\t<\/div>\n\t\t<\/section>\n\t\t\t\t<\/div>\n\t\t","protected":false},"excerpt":{"rendered":"<p>MARTA RODR\u00cdGUEZ DIRECTORA Marta Rodr\u00edguez nace en la ciudad de Bogot\u00e1 en el a\u00f1o 1933, \u00a0hija menor 5 hijos de una mujer que enviuda justo antes del nacimiento de Marta. En 1951, luego de una infancia marcada por los mundos rurales en Colombia, viaja con su familia a Madrid e inicia estudios en Sociolog\u00eda en [&hellip;]<\/p>\n","protected":false},"author":1,"featured_media":0,"parent":0,"menu_order":0,"comment_status":"closed","ping_status":"closed","template":"elementor_header_footer","meta":{"_acf_changed":false,"footnotes":""},"class_list":["post-1011","page","type-page","status-publish","hentry"],"acf":[],"_links":{"self":[{"href":"https:\/\/martarodriguez.com.co\/index.php\/wp-json\/wp\/v2\/pages\/1011","targetHints":{"allow":["GET"]}}],"collection":[{"href":"https:\/\/martarodriguez.com.co\/index.php\/wp-json\/wp\/v2\/pages"}],"about":[{"href":"https:\/\/martarodriguez.com.co\/index.php\/wp-json\/wp\/v2\/types\/page"}],"author":[{"embeddable":true,"href":"https:\/\/martarodriguez.com.co\/index.php\/wp-json\/wp\/v2\/users\/1"}],"replies":[{"embeddable":true,"href":"https:\/\/martarodriguez.com.co\/index.php\/wp-json\/wp\/v2\/comments?post=1011"}],"version-history":[{"count":31,"href":"https:\/\/martarodriguez.com.co\/index.php\/wp-json\/wp\/v2\/pages\/1011\/revisions"}],"predecessor-version":[{"id":1061,"href":"https:\/\/martarodriguez.com.co\/index.php\/wp-json\/wp\/v2\/pages\/1011\/revisions\/1061"}],"wp:attachment":[{"href":"https:\/\/martarodriguez.com.co\/index.php\/wp-json\/wp\/v2\/media?parent=1011"}],"curies":[{"name":"wp","href":"https:\/\/api.w.org\/{rel}","templated":true}]}}